{"id":12398,"date":"2021-05-14T11:56:34","date_gmt":"2021-05-14T10:56:34","guid":{"rendered":"https:\/\/josemiguelpalacio.es\/bio\/"},"modified":"2025-04-23T16:12:51","modified_gmt":"2025-04-23T15:12:51","slug":"bio","status":"publish","type":"page","link":"https:\/\/josemiguelpalacio.es\/en\/bio\/","title":{"rendered":"Bio"},"content":{"rendered":"<p>[et_pb_section fb_built=&#8221;1&#8243; admin_label=&#8221;Hero&#8221; _builder_version=&#8221;4.16&#8243; use_background_color_gradient=&#8221;on&#8221; background_color_gradient_type=&#8221;circular&#8221; background_color_gradient_direction_radial=&#8221;top right&#8221; background_color_gradient_stops=&#8221;#210b00 10%|rgba(33,25,21,0) 100%&#8221; background_color_gradient_overlays_image=&#8221;on&#8221; background_color_gradient_start=&#8221;#210b00&#8243; background_color_gradient_start_position=&#8221;10%&#8221; background_color_gradient_end=&#8221;rgba(33,25,21,0)&#8221; background_image=&#8221;https:\/\/josemiguelpalacio.es\/wp-content\/uploads\/2021\/05\/josemiguelpalacio.jpg&#8221; custom_padding=&#8221;0|0|0px||false|false&#8221; global_colors_info=&#8221;{}&#8221;][et_pb_row column_structure=&#8221;1_3,2_3&#8243; _builder_version=&#8221;4.16&#8243; custom_margin=&#8221;|||&#8221; global_colors_info=&#8221;{}&#8221;][et_pb_column type=&#8221;1_3&#8243; _builder_version=&#8221;4.16&#8243; custom_padding=&#8221;|||&#8221; global_colors_info=&#8221;{}&#8221; custom_padding__hover=&#8221;|||&#8221;][\/et_pb_column][et_pb_column type=&#8221;2_3&#8243; _builder_version=&#8221;4.16&#8243; custom_padding=&#8221;|||&#8221; global_colors_info=&#8221;{}&#8221; custom_padding__hover=&#8221;|||&#8221;][et_pb_image src=&#8221;https:\/\/josemiguelpalacio.es\/wp-content\/uploads\/2021\/05\/BIOGRAFIA.png&#8221; title_text=&#8221;BIOGRAF\u00cdA&#8221; align=&#8221;right&#8221; _builder_version=&#8221;4.16&#8243; _module_preset=&#8221;default&#8221; width=&#8221;78%&#8221; module_alignment=&#8221;right&#8221; global_colors_info=&#8221;{}&#8221;][\/et_pb_image][\/et_pb_column][\/et_pb_row][\/et_pb_section][et_pb_section fb_built=&#8221;1&#8243; admin_label=&#8221;Feature&#8221; _builder_version=&#8221;4.16&#8243; background_color=&#8221;#566361&#8243; custom_padding=&#8221;3px||7px|||&#8221; global_colors_info=&#8221;{}&#8221;][et_pb_row column_structure=&#8221;1_2,1_2&#8243; use_custom_gutter=&#8221;on&#8221; gutter_width=&#8221;1&#8243; _builder_version=&#8221;4.16&#8243; width=&#8221;100%&#8221; max_width=&#8221;100%&#8221; custom_padding=&#8221;0px|59px|0px|18px|false|false&#8221; use_custom_width=&#8221;on&#8221; width_unit=&#8221;off&#8221; custom_width_percent=&#8221;100%&#8221; global_colors_info=&#8221;{}&#8221;][et_pb_column type=&#8221;1_2&#8243; _builder_version=&#8221;4.16&#8243; custom_padding=&#8221;|||&#8221; global_colors_info=&#8221;{}&#8221; custom_padding__hover=&#8221;|||&#8221;][et_pb_text _builder_version=&#8221;4.16&#8243; text_font=&#8221;Open Sans||||||||&#8221; text_font_size=&#8221;16px&#8221; text_line_height=&#8221;1.8em&#8221; header_font=&#8221;||||||||&#8221; header_3_font=&#8221;|800|||||||&#8221; header_3_text_color=&#8221;#f25b3a&#8221; header_3_font_size=&#8221;24px&#8221; header_3_line_height=&#8221;1.8em&#8221; custom_margin=&#8221;|-58px||-11px||&#8221; custom_padding=&#8221;9px|0px||14px||&#8221; header_3_font_size_tablet=&#8221;&#8221; header_3_font_size_phone=&#8221;18px&#8221; header_3_font_size_last_edited=&#8221;on|phone&#8221; locked=&#8221;off&#8221; inline_fonts=&#8221;Manrope&#8221; global_colors_info=&#8221;{}&#8221;]<\/p>\n<h3><span style=\"color: #e09900;\"><\/span><\/h3>\n<h3><span style=\"color: #e09900;\"><\/span><\/h3>\n<h3><span style=\"color: #e09900; font-family: inherit; font-weight: normal;\">SELECTED SOLO EXHIBITIONS<\/span><\/h3>\n<p><span style=\"color: #ffffff; font-family: Manrope; font-weight: normal;\"><\/span><\/p>\n<p><span style=\"color: #ffffff; font-family: Manrope; font-weight: normal;\">2022 <em>&#8220;Sinfonia Urbana&#8221;,<\/em> Patio de la Infanta, Fundaci\u00f3n Ibercaja, Zaragoza<\/p>\n<p>2017 <em>&#8220;La papirofl\u00e9xia en la obra de Jos\u00e9 Miguel Palacio&#8221; <\/em>Escuela Museo Origami Zaragoza, EMOZ, <br \/>Centro de Historia de Zaragoza.<\/span><\/p>\n<p><span style=\"color: #ffffff; font-family: Manrope; font-weight: normal;\">2016 <em>&#8220;Jos\u00e9 Miguel Palacio. The ambiguity behind the fascination&#8221;<strong>, Centro <\/strong><\/em>de Arte de Alcobendas.<\/span><\/p>\n<p><span style=\"color: #ffffff; font-family: Manrope; font-weight: normal;\">2014 <em>&#8220;Urban mirrors&#8221; <\/em>Gallery El Quatre Barcelona, Barcelona.<\/span><\/p>\n<p><span style=\"color: #ffffff; font-family: Manrope; font-weight: normal;\">2013 &#8220;Urban Hyperrealism&#8221; Ansorena Gallery, Madrid.<\/span><\/p>\n<p><span style=\"color: #ffffff; font-family: Manrope; font-weight: normal;\">2012 &#8220;Huellas Urbanas&#8221; (Commemoration of the 25th anniversary of the Casa de Cultura), Casa de Cultura, Torrelodones.<\/span><\/p>\n<p><span style=\"color: #ffffff; font-family: Manrope; font-weight: normal;\">2009 &#8220;Beyond urban reality&#8221;, CEART, Centro de Arte Tom\u00e1s y Valiente, Fuenlabrada.<\/span><\/p>\n<p><span style=\"font-family: Manrope; font-weight: normal;\"><span style=\"color: #ffffff;\">2008 &#8220;From Madrid, Encierros, Trains, Planes and Clouds&#8221; Popular University Jos\u00e9 Hierro, Mart\u00edn Chirino Hall, <br \/><\/span><span style=\"color: #ffffff;\">San Sebasti\u00e1n de los Reyes, Madrid.<\/span><\/span><\/p>\n<p><span style=\"color: #ffffff; font-family: Manrope; font-weight: normal;\">2007 &#8220;Madrid Urbano&#8221; Casa de Vacas Art Center, Retiro Park, Madrid.<\/span><\/p>\n<p><span style=\"color: #ffffff; font-family: Manrope; font-weight: normal;\">1997 Exhibition Hall of Arte Reale de Madrid.<\/span><\/p>\n<p><span style=\"color: #ffffff; font-family: Manrope; font-weight: normal;\">1995 Exhibition Hall of Caja Castilla La Mancha in Cuenca.<\/span><\/p>\n<p><span style=\"color: #ffffff; font-family: Manrope; font-weight: normal;\">1993 Al Andalus Gallery, Seville.<\/span><\/p>\n<p><span style=\"color: #ffffff; font-family: Manrope; font-weight: normal;\">1993 Casa de Cultura de Torrelodones.<\/span><\/p>\n<p><span style=\"color: #ffffff; font-family: Manrope; font-weight: normal;\">1993 Santa Engracia Gallery, Madrid.<\/span><\/p>\n<p><span style=\"color: #ffffff; font-family: Manrope; font-weight: normal;\">1979 National Palace of Exhibitions and Congresses of Jaca.<\/span><\/p>\n<p><span style=\"color: #ffffff; font-family: Manrope; font-weight: normal;\">1979 Altisent&#8217;s Hall of L\u00e9rida.<\/span><\/p>\n<p>[\/et_pb_text][et_pb_text _builder_version=&#8221;4.16&#8243; text_font=&#8221;Open Sans||||||||&#8221; text_font_size=&#8221;16px&#8221; text_line_height=&#8221;1.8em&#8221; header_font=&#8221;||||||||&#8221; header_3_font=&#8221;|800|||||||&#8221; header_3_text_color=&#8221;#f25b3a&#8221; header_3_font_size=&#8221;24px&#8221; header_3_line_height=&#8221;1.8em&#8221; custom_margin=&#8221;|-58px||-11px||&#8221; custom_padding=&#8221;9px|0px||14px||&#8221; header_3_font_size_tablet=&#8221;&#8221; header_3_font_size_phone=&#8221;18px&#8221; header_3_font_size_last_edited=&#8221;on|phone&#8221; locked=&#8221;off&#8221; inline_fonts=&#8221;Manrope,ABeeZee&#8221; global_colors_info=&#8221;{}&#8221;]<\/p>\n<h3><span style=\"color: #e09900;\"><\/span><\/h3>\n<h3><span style=\"color: #e09900;\"><\/span><\/h3>\n<h3><span style=\"color: #e09900; font-family: inherit; font-weight: normal;\">WORKS FOR LARGE ENTITIES<\/span><\/h3>\n<p><span style=\"color: #ffffff;\">2003 Edition of Engraving for the XXV anniversary of the Spanish Rural Medicine.<\/span><\/p>\n<p><span style=\"color: #ffffff;\">2002 Creation of sculpture Symphony of Reason for Pficer Laboratories.<\/span><\/p>\n<p><span style=\"color: #ffffff;\">2001 Creation of sculpture &#8220;Biological Genesis&#8221; for Novartis Laboratories.<\/span><\/p>\n<p><span style=\"color: #ffffff;\">2000 Creation of sculpture for Premio Taurino Casino de Madrid.<\/span><\/p>\n<p><span style=\"color: #ffffff;\">1999 Creation of sculpture for the International Prize of Peiodism Airtel Foundation.<\/span><\/p>\n<p><span style=\"color: #ffffff;\">1998 Edition of the Engraving folder &#8220;Generation of &#8217;98&#8221; for the II Week of Medicine and Art, SB Foundation.<\/span><\/p>\n<p>&nbsp;<\/p>\n<p>[\/et_pb_text][et_pb_text _builder_version=&#8221;4.16&#8243; text_font=&#8221;Open Sans||||||||&#8221; text_font_size=&#8221;16px&#8221; text_line_height=&#8221;1.8em&#8221; header_font=&#8221;||||||||&#8221; header_3_font=&#8221;|800|||||||&#8221; header_3_text_color=&#8221;#f25b3a&#8221; header_3_font_size=&#8221;24px&#8221; header_3_line_height=&#8221;1.8em&#8221; custom_margin=&#8221;-8px|-21px||-19px||&#8221; custom_padding=&#8221;25px|12px||19px||&#8221; header_3_font_size_tablet=&#8221;&#8221; header_3_font_size_phone=&#8221;18px&#8221; header_3_font_size_last_edited=&#8221;on|phone&#8221; locked=&#8221;off&#8221; inline_fonts=&#8221;Manrope&#8221; global_colors_info=&#8221;{}&#8221;]<\/p>\n<h3><span style=\"color: #e09900; font-family: Manrope; font-weight: normal;\">WORKS IN MUSEUMS AND PUBLIC COLLECTIONS<\/span><\/h3>\n<p><span style=\"color: #ffffff; font-family: Manrope; font-weight: normal;\">Torrelodones City Council. <\/span><\/p>\n<p><span style=\"font-family: Manrope; font-weight: normal;\"><span style=\"color: #ffffff;\"><\/span><span style=\"color: #ffffff;\">Concha M\u00e1rquez Foundation of Madrid.<\/span><\/span><\/p>\n<p><span style=\"color: #ffffff; font-family: Manrope; font-weight: normal;\">City Council of Seville. <\/span><\/p>\n<p><span style=\"font-family: Manrope; font-weight: normal;\"><span style=\"color: #ffffff;\"><\/span><span style=\"color: #ffffff;\">Caja de Ahorros de Castilla La Mancha.<\/span><\/span><\/p>\n<p><span style=\"font-family: Manrope; font-weight: normal;\"><span style=\"color: #ffffff;\"><\/span><span style=\"color: #ffffff;\">National Museum of Belgrade.<\/span><\/span><\/p>\n<p><span style=\"font-family: Manrope; font-weight: normal;\"><span style=\"color: #ffffff;\">Contemporary Engraving Collection of the National Library.<br \/><\/span><span style=\"color: #ffffff;\"><\/span><\/span><\/p>\n<p><span style=\"font-family: Manrope; font-weight: normal;\"><span style=\"color: #ffffff;\">Arte Reale Collection, Madrid.<br \/><\/span><span style=\"color: #ffffff;\"><\/span><\/span><\/p>\n<p><span style=\"font-family: Manrope; font-weight: normal;\"><span style=\"color: #ffffff;\">Vodafone Foundation Collection.<br \/><\/span><span style=\"color: #ffffff;\"><\/span><\/span><\/p>\n<p><span style=\"font-family: Manrope; font-weight: normal;\"><span style=\"color: #ffffff;\">SB Foundation Collection.<br \/><\/span><span style=\"color: #ffffff;\"><\/span><\/span><\/p>\n<p><span style=\"color: #ffffff; font-family: Manrope; font-weight: normal;\">Casino de Madrid Collection.<\/span><\/p>\n<p><span style=\"font-family: Manrope; font-weight: normal;\"><span style=\"color: #ffffff;\"><\/span><span style=\"color: #ffffff;\">City Council of San Sebasti\u00e1n de los Reyes. <br \/><\/span><span style=\"color: #ffffff;\"><\/span><\/span><\/p>\n<p><span style=\"font-family: Manrope; font-weight: normal;\"><span style=\"color: #ffffff;\">Municipality of Baunatal, Germany.<br \/><\/span><span style=\"color: #ffffff;\"><\/span><\/span><\/p>\n<p><span style=\"font-family: Manrope; font-weight: normal;\"><span style=\"color: #ffffff;\">Museum of Contemporary Spanish Engraving, Marbella.<br \/><\/span><span style=\"color: #ffffff;\"><\/span><\/span><\/p>\n<p><span style=\"font-family: Manrope; font-weight: normal;\"><span style=\"color: #ffffff;\">Realia Collection, Madrid.<br \/><\/span><span style=\"color: #ffffff;\"><\/span><\/span><\/p>\n<p><span style=\"color: #ffffff; font-family: Manrope; font-weight: normal;\">Railway Museum, Madrid.<\/span><span style=\"color: #ffffff;\"><\/span><span style=\"color: #ffffff;\"><\/span><\/p>\n<p><span style=\"color: #ffffff;\"><\/span><\/p>\n<p>[\/et_pb_text][\/et_pb_column][et_pb_column type=&#8221;1_2&#8243; _builder_version=&#8221;4.16&#8243; custom_padding=&#8221;20px|||&#8221; global_colors_info=&#8221;{}&#8221; custom_padding__hover=&#8221;|||&#8221;][et_pb_text _builder_version=&#8221;4.16&#8243; text_font=&#8221;Open Sans||||||||&#8221; text_font_size=&#8221;16px&#8221; text_line_height=&#8221;1.8em&#8221; header_font=&#8221;||||||||&#8221; header_3_font=&#8221;|800|||||||&#8221; header_3_text_color=&#8221;#f25b3a&#8221; header_3_font_size=&#8221;24px&#8221; header_3_line_height=&#8221;1.8em&#8221; custom_margin=&#8221;-8px|-21px||-19px||&#8221; custom_padding=&#8221;19px|11px||19px||&#8221; header_3_font_size_tablet=&#8221;&#8221; header_3_font_size_phone=&#8221;18px&#8221; header_3_font_size_last_edited=&#8221;on|phone&#8221; locked=&#8221;off&#8221; inline_fonts=&#8221;Manrope,ABeeZee,Abhaya Libre&#8221; global_colors_info=&#8221;{}&#8221;]<\/p>\n<h3><span style=\"color: #e09900; font-family: inherit; font-weight: normal;\">SELECTED GROUP EXHIBITIONS<\/span><\/h3>\n<p><span style=\"color: #ffffff;\"><\/span><\/p>\n<p><span style=\"color: #ffffff; font-family: Manrope;\">2017 <em>&#8220;THE ART OF ENGRAVING AND RAILWAYS FROM THE XIX TO THE XXI CENTURY&#8221;,<\/em> Museo Casa de la Moneda, Fabrica Nacional de Moneda y Timbre, Madrid.<\/span><\/p>\n<p><span style=\"color: #ffffff; font-family: Manrope;\">2015 <em>&#8220;ANOTHER REALITY, 50 PAINTERS AND 6 SCULPTORS&#8221; <\/em>ARCILLA FOUNDATION Cultural Center La Vaguada, Madrid.<\/span><\/p>\n<p><span style=\"color: #ffffff; font-family: Manrope;\">2014 SUMMER SALON SHOW 2014, Rarity Gallery, Mykonos, Greece.<\/span><\/p>\n<p><span style=\"color: #ffffff; font-family: Manrope;\">2013 TRAIN TRAVELERS, Fundaci\u00f3n de los Ferrocarriles Espa\u00f1oles, Madrid.<\/span><\/p>\n<p><span style=\"color: #ffffff; font-family: Manrope;\">2013 TAPAS, El Quatre Barcelona, Barcelona.<\/span><\/p>\n<p><span style=\"color: #ffffff; font-family: Manrope;\">2013 ART MADRID 2013, Ansorena Gallery, Madrid.<\/span><\/p>\n<p><span style=\"color: #ffffff; font-family: Manrope;\">2012 ART TETRIS &#8220;Petit Format&#8221; El Quatre Sala d&#8217;Art, Granollers, Barcelona.<\/span><\/p>\n<p><span style=\"color: #ffffff; font-family: Manrope;\">2012 &#8220;The CEART Collection, 2005-2012&#8221; Centro de Arte Tom\u00e1s y Valiente, Fuenlabrada.<\/span><\/p>\n<p><span style=\"color: #ffffff; font-family: Manrope;\">2012 &#8220;Art on rails&#8221; Expometro Hall, Retiro Metro Station, line 2, Madrid.<\/span><\/p>\n<p><span style=\"color: #ffffff; font-family: Manrope;\">2011 &#8220;Water for Africa&#8221; Gleria Barbar\u00edn and Delaflor Art Consultancy, Madrid.<\/span><\/p>\n<p><span style=\"color: #ffffff; font-family: Manrope;\">2009 &#8220;A space for the five senses&#8221; Contemporary Art Fair ARTE HOTEL MADRID.<\/span><\/p>\n<p><span style=\"color: #ffffff; font-family: Manrope;\">2008 IV Exhibition of Donations of graphic works to the National Library 1998-2002.<\/span><\/p>\n<p><span style=\"color: #ffffff; font-family: Manrope;\">2008 Museo del Ferrocarril, &#8220;El ferrocarril en el arte&#8221;, Madrid.<\/span><\/p>\n<p><span style=\"color: #ffffff; font-family: Manrope;\">2004 EL PASO DEL TREN, El Tren en el Arte, Museo de la Pasi\u00f3n, Valladolid.<\/span><\/p>\n<p><span style=\"color: #ffffff; font-family: Manrope;\">2003 Bullfighting Art Van Dick Gallery of Madrid.<\/span><\/p>\n<p><span style=\"color: #ffffff; font-family: Manrope;\">2000 Jos\u00e9 Celestino Mutis Botanical Park, Huelva.<\/span><\/p>\n<p><span style=\"color: #ffffff; font-family: Manrope;\">1998 Exhibition of Sculptures Light and Volume Cultural Center Buenavista of Madrid.<\/span><\/p>\n<p><span style=\"color: #ffffff; font-family: Manrope;\">1998 Traveling exhibition in La Paz and Sucre (Bolivia).<\/span><\/p>\n<p><span style=\"color: #ffffff; font-family: Manrope;\">1997 Barquillo Exhibition Hall, Madrid.<\/span><\/p>\n<p><span style=\"color: #ffffff; font-family: Manrope;\">1997 Santander Art 97.<\/span><\/p>\n<p><span style=\"color: #ffffff; font-family: Manrope;\">1997 Palace of the Corrala de Santiago de Granada.<\/span><\/p>\n<p><span style=\"color: #ffffff; font-family: Manrope;\">1997 Museum of Decorative Arts of Madrid.<\/span><\/p>\n<p><span style=\"color: #ffffff; font-family: Manrope;\">1996 Marc Sabata Gallery, Barcelona.<\/span><\/p>\n<p><span style=\"color: #ffffff; font-family: Manrope;\">1996 Small Format Graphic Works National Museum of Belgrade.<\/span><\/p>\n<p><span style=\"color: #ffffff; font-family: Manrope;\">1995 El Torito Cultural Center of Madrid.<\/span><\/p>\n<p><span style=\"color: #ffffff; font-family: Manrope;\">1994 Contemporary Authors, Sala Winkler, Torrelodones.<\/span><\/p>\n<p><span style=\"color: #ffffff; font-family: Manrope;\">1994 Hidden Pleasures in Novart Gallery, Madrid.<\/span><\/p>\n<p><span style=\"color: #ffffff; font-family: Manrope;\">1994 III International Biennial of Graphic Art Gallery Sunce of Leskovac, Yugoslavia.<\/span><\/p>\n<p><span style=\"color: #ffffff;\"><\/span><\/p>\n<p><span style=\"color: #ffffff;\"><\/span><\/p>\n<p><span style=\"color: #ffffff;\"><\/span><\/p>\n<p>[\/et_pb_text][et_pb_text _builder_version=&#8221;4.16&#8243; text_font=&#8221;Open Sans||||||||&#8221; text_font_size=&#8221;16px&#8221; text_line_height=&#8221;1.8em&#8221; header_font=&#8221;||||||||&#8221; header_3_font=&#8221;|800|||||||&#8221; header_3_text_color=&#8221;#f25b3a&#8221; header_3_font_size=&#8221;24px&#8221; header_3_line_height=&#8221;1.8em&#8221; custom_margin=&#8221;|-58px||-11px||&#8221; custom_padding=&#8221;9px|0px||14px||&#8221; header_3_font_size_tablet=&#8221;&#8221; header_3_font_size_phone=&#8221;18px&#8221; header_3_font_size_last_edited=&#8221;on|phone&#8221; locked=&#8221;off&#8221; inline_fonts=&#8221;Manrope&#8221; global_colors_info=&#8221;{}&#8221;]<\/p>\n<h3><span style=\"color: #e09900;\"><\/span><\/h3>\n<h3><span style=\"color: #e09900;\"><\/span><\/h3>\n<h3><span style=\"color: #e09900; font-family: Manrope; font-weight: normal;\">MONUMENTS IN PUBLIC SPACES<\/span><\/h3>\n<p><span style=\"color: #e09900;\"><\/span><\/p>\n<p><span style=\"color: #ffffff; font-family: Manrope; font-weight: normal;\">2004 Monumental Sculpture &#8220;La Verbena&#8221; in Torrelodones.<\/span><\/p>\n<p><span style=\"color: #ffffff; font-family: Manrope; font-weight: normal;\">2001 Sculptural Monument Commemorating the Twinning between San Sebasti\u00e1n de los Reyes and Baunatal, <\/span><br \/><span style=\"color: #ffffff; font-family: Manrope; font-weight: normal;\">in San Sebasti\u00e1n de los Reyes.<\/span><\/p>\n<p>&nbsp;<\/p>\n<p>[\/et_pb_text][\/et_pb_column][\/et_pb_row][et_pb_row _builder_version=&#8221;4.16&#8243; _module_preset=&#8221;default&#8221; global_colors_info=&#8221;{}&#8221;][et_pb_column type=&#8221;4_4&#8243; _builder_version=&#8221;4.16&#8243; _module_preset=&#8221;default&#8221; global_colors_info=&#8221;{}&#8221;][et_pb_social_media_follow use_icon_font_size=&#8221;on&#8221; _builder_version=&#8221;4.18.0&#8243; _module_preset=&#8221;default&#8221; text_orientation=&#8221;right&#8221; hover_enabled=&#8221;0&#8243; global_colors_info=&#8221;{}&#8221; sticky_enabled=&#8221;0&#8243;][et_pb_social_media_follow_network social_network=&#8221;facebook&#8221; url=&#8221;https:\/\/www.facebook.com\/JMiguelpalacio&#8221; _builder_version=&#8221;4.16&#8243; _module_preset=&#8221;default&#8221; background_color=&#8221;#0C71C3&#8243; global_colors_info=&#8221;{}&#8221; follow_button=&#8221;off&#8221; url_new_window=&#8221;on&#8221;]facebook[\/et_pb_social_media_follow_network][et_pb_social_media_follow_network social_network=&#8221;linkedin&#8221; url=&#8221;https:\/\/www.linkedin.com\/in\/jos%C3%A9-miguel-palacio-8a9ba424\/&#8221; _builder_version=&#8221;4.16&#8243; _module_preset=&#8221;default&#8221; background_color=&#8221;#007bb6&#8243; global_colors_info=&#8221;{}&#8221; follow_button=&#8221;off&#8221; url_new_window=&#8221;on&#8221;]linkedin[\/et_pb_social_media_follow_network][et_pb_social_media_follow_network social_network=&#8221;instagram&#8221; url=&#8221;https:\/\/www.instagram.com\/josemiguelpalacio__\/&#8221; _builder_version=&#8221;4.18.0&#8243; _module_preset=&#8221;default&#8221; background_color=&#8221;#ea2c59&#8243; hover_enabled=&#8221;0&#8243; global_colors_info=&#8221;{}&#8221; follow_button=&#8221;off&#8221; url_new_window=&#8221;on&#8221; sticky_enabled=&#8221;0&#8243;]instagram[\/et_pb_social_media_follow_network][et_pb_social_media_follow_network social_network=&#8221;pinterest&#8221; url=&#8221;https:\/\/www.pinterest.es\/josemiguelpalac\/_saved\/&#8221; _builder_version=&#8221;4.16&#8243; _module_preset=&#8221;default&#8221; background_color=&#8221;#cb2027&#8243; global_colors_info=&#8221;{}&#8221; follow_button=&#8221;off&#8221; url_new_window=&#8221;on&#8221;]pinterest[\/et_pb_social_media_follow_network][et_pb_social_media_follow_network social_network=&#8221;youtube&#8221; url=&#8221;https:\/\/www.youtube.com\/channel\/UChoAxNfUQL4fHywhqEuTOdA&#8221; _builder_version=&#8221;4.16&#8243; _module_preset=&#8221;default&#8221; background_color=&#8221;#a82400&#8243; global_colors_info=&#8221;{}&#8221; follow_button=&#8221;off&#8221; url_new_window=&#8221;on&#8221;]youtube[\/et_pb_social_media_follow_network][et_pb_social_media_follow_network social_network=&#8221;instagram&#8221; url=&#8221;https:\/\/www.instagram.com\/palaciojosemiguel\/&#8221; _builder_version=&#8221;4.16&#8243; _module_preset=&#8221;default&#8221; background_color=&#8221;#5bc400&#8243; global_colors_info=&#8221;{}&#8221; follow_button=&#8221;off&#8221; url_new_window=&#8221;on&#8221;]instagram[\/et_pb_social_media_follow_network][et_pb_social_media_follow_network social_network=&#8221;rss&#8221; url=&#8221;https:\/\/josemiguelpalacio.blogspot.com\/&#8221; _builder_version=&#8221;4.16&#8243; _module_preset=&#8221;default&#8221; background_color=&#8221;#E09900&#8243; background_enable_color=&#8221;on&#8221; global_colors_info=&#8221;{}&#8221; follow_button=&#8221;off&#8221; url_new_window=&#8221;on&#8221;]rss[\/et_pb_social_media_follow_network][\/et_pb_social_media_follow][\/et_pb_column][\/et_pb_row][\/et_pb_section][et_pb_section fb_built=&#8221;1&#8243; admin_label=&#8221;Gallery&#8221; _builder_version=&#8221;4.16&#8243; custom_padding=&#8221;0|0px|0px|0px|false|false&#8221; global_colors_info=&#8221;{}&#8221;][et_pb_row column_structure=&#8221;1_4,1_4,1_4,1_4&#8243; use_custom_gutter=&#8221;on&#8221; gutter_width=&#8221;1&#8243; module_class=&#8221;  et_pb_row_fullwidth&#8221; _builder_version=&#8221;4.16&#8243; width=&#8221;100%&#8221; width_tablet=&#8221;100%&#8221; width_phone=&#8221;&#8221; width_last_edited=&#8221;on|desktop&#8221; max_width=&#8221;100%&#8221; max_width_tablet=&#8221;100%&#8221; max_width_phone=&#8221;&#8221; max_width_last_edited=&#8221;on|desktop&#8221; custom_padding=&#8221;0|0px|0px|0px|false|false&#8221; border_width_all=&#8221;10px&#8221; border_color_all=&#8221;#ffffff&#8221; make_fullwidth=&#8221;on&#8221; global_colors_info=&#8221;{}&#8221;][et_pb_column type=&#8221;1_4&#8243; _builder_version=&#8221;4.16&#8243; custom_padding=&#8221;|||&#8221; global_colors_info=&#8221;{}&#8221; custom_padding__hover=&#8221;|||&#8221;][et_pb_image src=&#8221;https:\/\/josemiguelpalacio.es\/wp-content\/uploads\/2016\/08\/Gran-Vi%CC%81a-esquina-a-Fuencarral-scaled.jpg&#8221; title_text=&#8221;Gran Vi\u0301a esquina a Fuencarral&#8221; align_tablet=&#8221;center&#8221; align_phone=&#8221;&#8221; align_last_edited=&#8221;on|desktop&#8221; _builder_version=&#8221;4.16&#8243; border_width_all=&#8221;10px&#8221; border_color_all=&#8221;rgba(0,0,0,0)&#8221; locked=&#8221;off&#8221; global_colors_info=&#8221;{}&#8221;][\/et_pb_image][\/et_pb_column][et_pb_column type=&#8221;1_4&#8243; _builder_version=&#8221;4.16&#8243; custom_padding=&#8221;|||&#8221; global_colors_info=&#8221;{}&#8221; custom_padding__hover=&#8221;|||&#8221;][et_pb_image src=&#8221;https:\/\/josemiguelpalacio.es\/wp-content\/uploads\/2021\/04\/393.-La-exposicion-de-Porsche-scaled.jpg&#8221; title_text=&#8221;393.- La exposicion de Porsche&#8221; align_tablet=&#8221;center&#8221; align_phone=&#8221;&#8221; align_last_edited=&#8221;on|desktop&#8221; _builder_version=&#8221;4.16&#8243; border_width_all=&#8221;10px&#8221; border_color_all=&#8221;rgba(0,0,0,0)&#8221; locked=&#8221;off&#8221; global_colors_info=&#8221;{}&#8221;][\/et_pb_image][\/et_pb_column][et_pb_column type=&#8221;1_4&#8243; _builder_version=&#8221;4.16&#8243; custom_padding=&#8221;|||&#8221; global_colors_info=&#8221;{}&#8221; custom_padding__hover=&#8221;|||&#8221;][et_pb_image src=&#8221;https:\/\/josemiguelpalacio.es\/wp-content\/uploads\/2021\/05\/Trenes-Alstom-serie-100-en-estacio%CC%81n-Puerta-de-Atocha-JPGE_005.jpg&#8221; title_text=&#8221;Trenes-Alstom-serie-100-en-estacio\u0301n-Puerta-de-Atocha-JPGE_005&#8243; align_tablet=&#8221;center&#8221; align_phone=&#8221;&#8221; align_last_edited=&#8221;on|desktop&#8221; _builder_version=&#8221;4.16&#8243; width=&#8221;97%&#8221; custom_padding=&#8221;0px||0px|0px||&#8221; border_width_all=&#8221;10px&#8221; border_color_all=&#8221;rgba(0,0,0,0)&#8221; locked=&#8221;off&#8221; global_colors_info=&#8221;{}&#8221;][\/et_pb_image][\/et_pb_column][et_pb_column type=&#8221;1_4&#8243; _builder_version=&#8221;4.16&#8243; custom_padding=&#8221;|||&#8221; global_colors_info=&#8221;{}&#8221; custom_padding__hover=&#8221;|||&#8221;][et_pb_image src=&#8221;https:\/\/josemiguelpalacio.es\/wp-content\/uploads\/2016\/08\/Leones-de-la-Cibeles-scaled.jpg&#8221; title_text=&#8221;Leones de la Cibeles&#8221; _builder_version=&#8221;4.16&#8243; _module_preset=&#8221;default&#8221; width=&#8221;97%&#8221; custom_margin=&#8221;10px|-12px|-4px|||&#8221; custom_padding=&#8221;||0px|||&#8221; global_colors_info=&#8221;{}&#8221;][\/et_pb_image][\/et_pb_column][\/et_pb_row][\/et_pb_section]<\/p>\n","protected":false},"excerpt":{"rendered":"<p>SELECTED SOLO EXHIBITIONS 2022 &#8220;Sinfonia Urbana&#8221;, Patio de la Infanta, Fundaci\u00f3n Ibercaja, Zaragoza2017 &#8220;La papirofl\u00e9xia en la obra de Jos\u00e9 Miguel Palacio&#8221; Escuela Museo Origami Zaragoza, EMOZ, Centro de Historia de Zaragoza. 2016 &#8220;Jos\u00e9 Miguel Palacio. The ambiguity behind the fascination&#8221;, Centro de Arte de Alcobendas. 2014 &#8220;Urban mirrors&#8221; Gallery El Quatre Barcelona, Barcelona. 2013 [&hellip;]<\/p>\n","protected":false},"author":4,"featured_media":0,"parent":0,"menu_order":0,"comment_status":"closed","ping_status":"closed","template":"","meta":{"_et_pb_use_builder":"on","_et_pb_old_content":"","_et_gb_content_width":"","footnotes":""},"class_list":["post-12398","page","type-page","status-publish","hentry"],"_links":{"self":[{"href":"https:\/\/josemiguelpalacio.es\/en\/wp-json\/wp\/v2\/pages\/12398"}],"collection":[{"href":"https:\/\/josemiguelpalacio.es\/en\/wp-json\/wp\/v2\/pages"}],"about":[{"href":"https:\/\/josemiguelpalacio.es\/en\/wp-json\/wp\/v2\/types\/page"}],"author":[{"embeddable":true,"href":"https:\/\/josemiguelpalacio.es\/en\/wp-json\/wp\/v2\/users\/4"}],"replies":[{"embeddable":true,"href":"https:\/\/josemiguelpalacio.es\/en\/wp-json\/wp\/v2\/comments?post=12398"}],"version-history":[{"count":1,"href":"https:\/\/josemiguelpalacio.es\/en\/wp-json\/wp\/v2\/pages\/12398\/revisions"}],"predecessor-version":[{"id":12399,"href":"https:\/\/josemiguelpalacio.es\/en\/wp-json\/wp\/v2\/pages\/12398\/revisions\/12399"}],"wp:attachment":[{"href":"https:\/\/josemiguelpalacio.es\/en\/wp-json\/wp\/v2\/media?parent=12398"}],"curies":[{"name":"wp","href":"https:\/\/api.w.org\/{rel}","templated":true}]}}